{"id":35,"date":"2024-06-20T19:26:06","date_gmt":"2024-06-20T17:26:06","guid":{"rendered":"https:\/\/aolsophro.fr\/?page_id=35"},"modified":"2024-06-20T19:27:53","modified_gmt":"2024-06-20T17:27:53","slug":"35-2","status":"publish","type":"page","link":"https:\/\/aolsophro.fr\/index.php\/35-2\/","title":{"rendered":"Intervenants"},"content":{"rendered":"\n<h1 class=\"wp-block-heading\"><\/h1>\n\n\n\n<h2 class=\"wp-block-heading\"><mark>Intervenant permanent<\/mark><\/h2>\n\n\n\n<p><strong>Jocelyne DELRIEU HOMEDES<\/strong> assure l\u2019animation des ateliers.<\/p>\n\n\n\n<h2 class=\"wp-block-heading\">Qui est-elle ?<\/h2>\n\n\n\n<p>\u00ab&nbsp;J\u2019ai consacr\u00e9 la 1\u00e8re partie de ma vie professionnelle \u00e0 l\u2019accompagnement des personnes, des familles et des groupes comme travailleur social. Ensuite, j\u2019ai manag\u00e9 des \u00e9quipes intervenant dans le domaine \u00e9ducatif, social et m\u00e9dico-social afin de mettre en \u0153uvre les politiques sociales et contribuer \u00e0 la d\u00e9finition des orientations sociale du D\u00e9partement.<\/p>\n\n\n\n<p>Passionn\u00e9e par l\u2019humain et son fonctionnement j\u2019ai d\u2019abord obtenu le dipl\u00f4me d\u2019Etat d\u2019Assistante de Service Social (DEASS).<\/p>\n\n\n\n<p>Outre les formations professionnelles, j\u2019ai cherch\u00e9, \u00e0 titre personnel des outils afin de mieux appr\u00e9hender les situations des familles que je rencontrais; j\u2019ai r\u00e9alis\u00e9 la formation de Sophrologue Cayc\u00e9dienne que j\u2019ai int\u00e9gr\u00e9e au quotidien dans ma vie de famille et dans l\u2019exercice de mes activit\u00e9s professionnelles.&nbsp;\u00bb<\/p>\n\n\n\n<h2 class=\"wp-block-heading\">Ses valeurs<\/h2>\n\n\n\n<h2 class=\"wp-block-heading\"><\/h2>\n\n\n\n<p>\u00ab&nbsp;Je crois profond\u00e9ment en la valeur de l\u2019\u00eatre humain et en ses capacit\u00e9s d\u2019\u00e9volution positive. Il peut \u00eatre accompagn\u00e9 parfois par des professionnels respectueux et fondamentalement empathiques.<\/p>\n\n\n\n<p>Je me suis r\u00e9guli\u00e8rement form\u00e9e pour renforcer mon expertise, mon savoir \u00eatre et mon savoir-faire que ce soit dans le cadre de ma vie professionnelle dans le domaine social ainsi qu\u2019 en sophrologie. Je respecte la vie priv\u00e9e et la confidentialit\u00e9 de toute information personnelle confi\u00e9e par mes pratiquants, conform\u00e9ment au code de d\u00e9ontologie des sophrologues cayc\u00e9diens r\u00e9actualis\u00e9 en 2022. Il r\u00e9git l\u2019\u00e9thique de ce m\u00e9tier que j\u2019exerce \u00e9galement en cabinet.<\/p>\n\n\n\n<p>J\u2019ai observ\u00e9 comment la Sophrologie Cayc\u00e9dienne permet d\u2019activer ses propres capacit\u00e9s d\u2019\u00e9volution et de changement en vue d\u2019acc\u00e9der \u00e0 l\u2019autonomie, la responsabilit\u00e9 au regard de sa vie et la dignit\u00e9. J\u2019ai pu vivre moi m\u00eame l\u2019importance de la m\u00e9thode&nbsp;\u00bb.<\/p>\n\n\n\n<h2 class=\"wp-block-heading\">Ses formations<\/h2>\n\n\n\n<ul class=\"wp-block-list\">\n<li>\u00ab&nbsp;Master Sp\u00e9cialiste en Sophrologie Cayc\u00e9dienne branche gestion du stress et d\u00e9veloppement personnel&nbsp;\u00bb d\u00e9livr\u00e9 par le Pr Cayc\u00e9do en 2010 \u2013 dipl\u00f4me Andorran \u2013<\/li>\n\n\n\n<li>\u00ab&nbsp;Mieux \u00eatre et sophrologie&nbsp;\u00bb 2014<\/li>\n\n\n\n<li>\u00ab&nbsp;Valeurs, \u00e9tudes et sophrologie&nbsp;\u00bb 2015<\/li>\n\n\n\n<li>\u00ab&nbsp;Mieux vieillir et sophrologie&nbsp;\u00bb 2017<\/li>\n\n\n\n<li>\u00ab&nbsp;Mieux dormir et sophrologie&nbsp;\u00bb 2020<\/li>\n\n\n\n<li>\u00ab&nbsp;Apport de la sophrologie en mati\u00e8re d\u2019insertion sociale&nbsp;\u00bb 2020<\/li>\n\n\n\n<li>\u00ab&nbsp;Les troubles alimentaires&nbsp;\u00bb 2023<\/li>\n<\/ul>\n\n\n\n<h2 class=\"wp-block-heading\"><mark>Intervenants ponctuels<\/mark><\/h2>\n\n\n\n<p>Pour l\u2019animation des stages nous faisons appel \u00e0 des sophrologues cayc\u00e9diens dipl\u00f4m\u00e9s et aguerris, praticiens et\/ou formateurs.<\/p>\n","protected":false},"excerpt":{"rendered":"<p>Intervenant permanent Jocelyne DELRIEU HOMEDES assure l\u2019animation des ateliers. Qui est-elle ? \u00ab&nbsp;J\u2019ai consacr\u00e9 la 1\u00e8re partie de ma vie professionnelle \u00e0 l\u2019accompagnement des personnes, des familles et des groupes comme travailleur social. Ensuite, j\u2019ai manag\u00e9 des \u00e9quipes intervenant dans le domaine \u00e9ducatif, social et m\u00e9dico-social afin de mettre en \u0153uvre les politiques sociales et &hellip; <\/p>\n<p><a class=\"more-link btn\" href=\"https:\/\/aolsophro.fr\/index.php\/35-2\/\">Lire la suite<\/a><\/p>\n","protected":false},"author":1,"featured_media":0,"parent":0,"menu_order":0,"comment_status":"closed","ping_status":"closed","template":"","meta":{"footnotes":""},"class_list":["post-35","page","type-page","status-publish","hentry","nodate","item-wrap"],"_links":{"self":[{"href":"https:\/\/aolsophro.fr\/index.php\/wp-json\/wp\/v2\/pages\/35","targetHints":{"allow":["GET"]}}],"collection":[{"href":"https:\/\/aolsophro.fr\/index.php\/wp-json\/wp\/v2\/pages"}],"about":[{"href":"https:\/\/aolsophro.fr\/index.php\/wp-json\/wp\/v2\/types\/page"}],"author":[{"embeddable":true,"href":"https:\/\/aolsophro.fr\/index.php\/wp-json\/wp\/v2\/users\/1"}],"replies":[{"embeddable":true,"href":"https:\/\/aolsophro.fr\/index.php\/wp-json\/wp\/v2\/comments?post=35"}],"version-history":[{"count":3,"href":"https:\/\/aolsophro.fr\/index.php\/wp-json\/wp\/v2\/pages\/35\/revisions"}],"predecessor-version":[{"id":38,"href":"https:\/\/aolsophro.fr\/index.php\/wp-json\/wp\/v2\/pages\/35\/revisions\/38"}],"wp:attachment":[{"href":"https:\/\/aolsophro.fr\/index.php\/wp-json\/wp\/v2\/media?parent=35"}],"curies":[{"name":"wp","href":"https:\/\/api.w.org\/{rel}","templated":true}]}}